{"id":3865,"date":"2025-02-11T15:22:38","date_gmt":"2025-02-11T13:22:38","guid":{"rendered":"https:\/\/mustamaekeskus.ee\/events\/kevadlaat-2025-mustamae-keskuses\/"},"modified":"2025-02-11T15:22:38","modified_gmt":"2025-02-11T13:22:38","slug":"kevadlaat-2025-mustamae-keskuses","status":"publish","type":"mec-events","link":"https:\/\/mustamaekeskus.ee\/ru\/\u0441\u043e\u0431\u044b\u0442\u0438\u044f\/kevadlaat-2025-mustamae-keskuses\/","title":{"rendered":"Kevadlaat 2025 Mustam\u00e4e Keskuses"},"content":{"rendered":"<p>\ud83c\udf3c 12. ja 13. aprillil toimub KEVADLAAT Mustam\u00e4e Keskuses! \ud83c\udf3c<br \/>\nKaubavalik on kevadiselt k\u00fclluslik ja v\u00e4rvikas. Midagi p\u00f5nevat leiab igale maitsele ja soovile, et kevadele r\u00f5\u00f5msalt vastu minna.<br \/>\nTule meile k\u00fclla, kogu inspiratsiooni ja kohtu r\u00f5\u00f5msate inimestega!<br \/>\nSaame kokku Mustam\u00e4e s\u00fcdames!<br \/>\n\u2014\u2014\u2014\u2014\u2014\u2013\u2014\u2014\u2014\u2014\u2014\u2013\u2014\u2014\u2014\u2014\u2014\u2013\u2014\u2014\u2014\u2014\u2014\u2013\u2014\u2014\u2014\u2014\u2014\u2013<br \/>\n\u27a1\ufe0f NB! Lisainfo laadakaupmeestele ja registreerimine. Kui soovite laadal oma tooteid m\u00fc\u00fca, palun saatke osalemise soov infoga (nimi, kontakt, ruumi vajadus, m\u00fc\u00fcdavad tooted) aadressile laat@domino.ee. P\u00e4rast info saamist vaatavad korraldajad selle \u00fcle ning kinnitavad registreerimise e-posti teel. Kohtade arv on piiratud ja korraldaja j\u00e4tab endale \u00f5iguse osalejaid valida. Lisainfo telefonil +372 529 2635.<\/p>\n","protected":false},"excerpt":{"rendered":"<p>\ud83c\udf3c 12. ja 13. aprillil toimub KEVADLAAT Mustam\u00e4e Keskuses! \ud83c\udf3c Kaubavalik on kevadiselt k\u00fclluslik ja v\u00e4rvikas. Midagi p\u00f5nevat leiab igale maitsele ja soovile, et kevadele r\u00f5\u00f5msalt vastu minna. Tule meile k\u00fclla, kogu inspiratsiooni ja kohtu r\u00f5\u00f5msate inimestega! Saame kokku Mustam\u00e4e s\u00fcdames! \u2014\u2014\u2014\u2014\u2014\u2013\u2014\u2014\u2014\u2014\u2014\u2013\u2014\u2014\u2014\u2014\u2014\u2013\u2014\u2014\u2014\u2014\u2014\u2013\u2014\u2014\u2014\u2014\u2014\u2013 \u27a1\ufe0f NB! Lisainfo laadakaupmeestele ja registreerimine. Kui soovite laadal oma tooteid m\u00fc\u00fca, palun [&hellip;]<\/p>\n","protected":false},"author":1,"featured_media":3838,"comment_status":"closed","ping_status":"closed","template":"","tags":[],"mec_category":[],"class_list":["post-3865","mec-events","type-mec-events","status-publish","has-post-thumbnail","hentry"],"acf":[],"_links":{"self":[{"href":"https:\/\/mustamaekeskus.ee\/ru\/wp-json\/wp\/v2\/mec-events\/3865","targetHints":{"allow":["GET"]}}],"collection":[{"href":"https:\/\/mustamaekeskus.ee\/ru\/wp-json\/wp\/v2\/mec-events"}],"about":[{"href":"https:\/\/mustamaekeskus.ee\/ru\/wp-json\/wp\/v2\/types\/mec-events"}],"author":[{"embeddable":true,"href":"https:\/\/mustamaekeskus.ee\/ru\/wp-json\/wp\/v2\/users\/1"}],"replies":[{"embeddable":true,"href":"https:\/\/mustamaekeskus.ee\/ru\/wp-json\/wp\/v2\/comments?post=3865"}],"wp:featuredmedia":[{"embeddable":true,"href":"https:\/\/mustamaekeskus.ee\/ru\/wp-json\/wp\/v2\/media\/3838"}],"wp:attachment":[{"href":"https:\/\/mustamaekeskus.ee\/ru\/wp-json\/wp\/v2\/media?parent=3865"}],"wp:term":[{"taxonomy":"post_tag","embeddable":true,"href":"https:\/\/mustamaekeskus.ee\/ru\/wp-json\/wp\/v2\/tags?post=3865"},{"taxonomy":"mec_category","embeddable":true,"href":"https:\/\/mustamaekeskus.ee\/ru\/wp-json\/wp\/v2\/mec_category?post=3865"}],"curies":[{"name":"wp","href":"https:\/\/api.w.org\/{rel}","templated":true}]}}